{"id":501,"date":"2019-03-16T19:33:24","date_gmt":"2019-03-16T18:33:24","guid":{"rendered":"http:\/\/lesjoyeuxcoureurs.org\/?page_id=501"},"modified":"2019-03-16T20:36:59","modified_gmt":"2019-03-16T19:36:59","slug":"problematique-carbone","status":"publish","type":"page","link":"https:\/\/lesjoyeuxcoureurs.org\/?page_id=501","title":{"rendered":"Probl\u00e9matique carbone"},"content":{"rendered":"\n<p class=\"has-text-color has-very-light-gray-color\">.<\/p>\n\n\n\n<p class=\"has-text-color has-very-light-gray-color\">.<\/p>\n\n\n\n<p>Face \u00e0 la pr\u00e9occupation grandissante li\u00e9e au r\u00e9chauffement climatique, l\u2019\u00e9quipage a d\u00e9cid\u00e9 d\u2019int\u00e9grer cette notion dans leur participation aux courses automobiles.<\/p>\n\n\n\n<p><strong>Ainsi, l\u2019objectif a \u00e9t\u00e9 de compenser les \u00e9missions de CO2 de leur automobile mais aussi de leur assistance afin d\u2019obtenir une neutralit\u00e9 carbone de leur engagement.&nbsp; <\/strong><\/p>\n\n\n\n<p>Limiter les changements climatiques et ses r\u00e9percussions \u00e0\ncourt terme sur les populations et l\u2019environnement, en r\u00e9duisant les \u00e9missions\nde GES (gaz \u00e0 effet de serre) est aujourd\u2019hui une priorit\u00e9.<\/p>\n\n\n\n<p>Mais pour des raisons li\u00e9es \u00e0 des limites\norganisationnelles ou techniques, il n\u2019est pas possible de r\u00e9duire l\u2019ensemble\nde ces \u00e9missions. <\/p>\n\n\n\n<p>Lorsque les \u00e9missions ne peuvent \u00eatre supprim\u00e9es ou\nr\u00e9duites, la compensation volontaire permet de limiter l\u2019impact d\u2019une activit\u00e9\nhumaine sur le climat en finan\u00e7ant des programmes de r\u00e9duction d\u2019\u00e9missions de\nGES.<\/p>\n\n\n\n<p>C\u2019est le cas notamment pour les voitures de collection qui\nfont partie du patrimoine national et dont la sauvegarde n\u00e9cessite restauration\net &nbsp;utilisation. <\/p>\n\n\n\n<p>Sensible aux doubles pr\u00e9occupations de d\u00e9fendre le\npatrimoine automobile et d\u2019intervenir \u00e0 son petit niveau sur cette\nprobl\u00e9matique environnementale, l\u2019\u00e9quipage s\u2019est clairement engag\u00e9 dans un\nprocessus de compensation volontaire.<\/p>\n\n\n\n<p class=\"has-text-color has-very-light-gray-color\">.<\/p>\n\n\n\n<p class=\"has-text-color has-very-light-gray-color\">.<\/p>\n\n\n\n<p style=\"text-align:center\" class=\"has-medium-font-size\"><strong>Contexte<\/strong><\/p>\n\n\n\n<p class=\"has-text-color has-small-font-size has-very-light-gray-color\">.<\/p>\n\n\n\n<p>La prise de conscience du r\u00e9chauffement climatique et de\nses cons\u00e9quences par les populations a induit de nombreux engagements aussi\nbien internationaux (protocole de Kyoto) que nationaux (COP21).<\/p>\n\n\n\n<p>Les principaux effets du changement climatique sont la\nhausse des temp\u00e9ratures avec des cons\u00e9quences notables sur l\u2019environnement et\ncelle du niveau des mers (6 cm au cours des 20 derni\u00e8res ann\u00e9es) dont l\u2019acidit\u00e9\naugmente, entrainant la disparition de la faune et la flore.<\/p>\n\n\n\n<p>L\u2019origine est bien sur l\u2019activit\u00e9 humaine et plus\nparticuli\u00e8rement pour les particuliers, li\u00e9e au chauffage et transport \u00e0\ntravers l\u2019\u00e9mission d\u2019un des gaz \u00e0 effet de serre&nbsp;: le CO2.<\/p>\n\n\n\n<p class=\"has-text-color has-very-light-gray-color\">.<\/p>\n\n\n\n<p class=\"has-text-color has-very-light-gray-color\">.<\/p>\n\n\n\n<p style=\"text-align:center\" class=\"has-medium-font-size\"><strong>Bilans carbones<\/strong><\/p>\n\n\n\n<p class=\"has-text-color has-small-font-size has-very-light-gray-color\">.<\/p>\n\n\n\n<p>Sur les derni\u00e8res ann\u00e9es, la production de CO2 dont l\u2019unit\u00e9 est la tonne, a litt\u00e9ralement explos\u00e9.<\/p>\n\n\n\n<p class=\"has-text-color has-very-light-gray-color\">.<\/p>\n\n\n\n<div class=\"wp-block-image\"><figure class=\"aligncenter\"><img loading=\"lazy\" decoding=\"async\" width=\"514\" height=\"365\" src=\"http:\/\/lesjoyeuxcoureurs.org\/wp-content\/uploads\/2019\/03\/carbon1.png\" alt=\"\" class=\"wp-image-522\" srcset=\"https:\/\/lesjoyeuxcoureurs.org\/wp-content\/uploads\/2019\/03\/carbon1.png 514w, https:\/\/lesjoyeuxcoureurs.org\/wp-content\/uploads\/2019\/03\/carbon1-300x213.png 300w\" sizes=\"auto, (max-width: 514px) 100vw, 514px\" \/><\/figure><\/div>\n\n\n\n<p class=\"has-text-color has-very-light-gray-color\">.<\/p>\n\n\n\n<p>Afin de mieux\ndistinguer les sources d\u2019\u00e9missions, une d\u00e9finition a \u00e9t\u00e9 cr\u00e9\u00e9e avec l&#8217;empreinte\ncarbone qui est la mesure du volume de dioxyde de carbone (CO2) \u00e9mis.<\/p>\n\n\n\n<p>L\u2019automobile, m\u00eame\nsi elle n\u2019est pas le plus pollueur, est cependant souvent point\u00e9 du doigt&nbsp;:<\/p>\n\n\n\n<div class=\"wp-block-image\"><figure class=\"alignleft is-resized\"><img loading=\"lazy\" decoding=\"async\" src=\"http:\/\/lesjoyeuxcoureurs.org\/wp-content\/uploads\/2019\/03\/carbon2.png\" alt=\"\" class=\"wp-image-529\" width=\"291\" height=\"311\" srcset=\"https:\/\/lesjoyeuxcoureurs.org\/wp-content\/uploads\/2019\/03\/carbon2.png 388w, https:\/\/lesjoyeuxcoureurs.org\/wp-content\/uploads\/2019\/03\/carbon2-280x300.png 280w\" sizes=\"auto, (max-width: 291px) 100vw, 291px\" \/><\/figure><\/div>\n\n\n\n<ul class=\"wp-block-list\"><li>Le ministre des Sports, propose une compensation carbone des Grands Prix<\/li><li>La Ville de Paris fait de la lutte contre la pollution d\u2019origine routi\u00e8re une de ses priorit\u00e9s. 2500 personnes meurent chaque ann\u00e9e \u00e0 Paris du fait de la pollution.<\/li><li>La cr\u00e9ation des vignettes Crit\u2019Air exigibles dans certaines grandes villes (ZPA Paris,  ZPA Annecy, ZPA Grenoble, ZPA Lille, ZPA Lyon \u2013 Villeurbanne, ZPA Strasbourg, ZPA Toulouse, ZPA Rennes, ZPA Chambery) peut \u00eatre \u00e9tendue \u00e0 toutes les autres villes sur d\u00e9cision du Pr\u00e9fet en cas de n\u00e9cessit\u00e9.<\/li><\/ul>\n\n\n\n<p class=\"has-text-color has-very-light-gray-color\">.<\/p>\n\n\n\n<p class=\"has-text-color has-very-light-gray-color\">.<\/p>\n\n\n\n<p class=\"has-text-color has-very-light-gray-color\">.<\/p>\n\n\n\n<p>Face \u00e0 la volont\u00e9\nde la part de l\u2019\u00e9quipage d\u2019avoir une <strong>empreinte\ncarbone neutre<\/strong> avec leur participation au Tour Auto, un premier calcul a\n\u00e9t\u00e9 fait afin <strong>d\u2019estimer les \u00e9missions de\nCO2 \u00e0 travers un bilan carbone par v\u00e9hicule<\/strong>.<\/p>\n\n\n\n<p><strong>Ensuite, l\u2019objectif a \u00e9t\u00e9 de compenser les \u00e9missions des\ndeux v\u00e9hicules engag\u00e9s mais aussi des actions indirectes engendr\u00e9es par leur\nparticipation (h\u00f4tels utilis\u00e9s, nourriture, d\u00e9placement des partanaires, etc\u2026) par\ndes actions volontaires en faveur de l\u2019environnement.<\/strong><\/p>\n\n\n\n<p class=\"has-text-color has-very-light-gray-color\">.<\/p>\n\n\n\n<p class=\"has-text-color has-very-light-gray-color\">.<\/p>\n\n\n\n<p style=\"text-align:center\" class=\"has-medium-font-size\"><strong>Engagement environnemental de l\u2019\u00e9quipage<\/strong><\/p>\n\n\n\n<p class=\"has-text-color has-small-font-size has-very-light-gray-color\">.<\/p>\n\n\n\n<p>Pour une entreprise, le choix de la compensation carbone\nvolontaire est int\u00e9gr\u00e9 dans sa politique de communication et de RSE\n(Responsabilit\u00e9 soci\u00e9tale de l\u2019entreprise) qui r\u00e9pond m\u00eame au d\u00e9cret n\u00b0\n2012-557 du 24 avril 2012 relatif aux obligations de transparence des\nentreprises en mati\u00e8re sociale et environnementale.<\/p>\n\n\n\n<p>Depuis janvier 2018, un d\u00e9cret impose aux entreprises de\nplus de 100 personnes de pr\u00e9senter un Plan de Mobilit\u00e9 pour r\u00e9duire l\u2019impact\ndes d\u00e9placements des collaborateurs. Il est question que la limite de taille\nsoit abaiss\u00e9e.<\/p>\n\n\n\n<p>Plusieurs actions de compensation sont possibles allant\nde l\u2019achat de cr\u00e9dit CO2 jusqu\u2019\u00e0 la participation \u00e0 des associations agissant\npositivement aupr\u00e8s de l\u2019environnement, notamment en financement des \u00e9nergies\nrenouvelables.<\/p>\n\n\n\n<p>La d\u00e9marche de l\u2019\u00e9quipage dans le choix des supports de\ncompensation a \u00e9t\u00e9 de <strong>s\u00e9lectionner un\nprojet fort et transparent<\/strong> <strong>en France<\/strong>,\nde contacter les initiateurs et d\u2019\u00e9changer avec eux sur les actions possibles.\nPlusieurs \u00e9tablissements ont \u00e9t\u00e9 s\u00e9lectionn\u00e9s et interrog\u00e9s pour aboutir \u00e0 un\npartenariat avec la soci\u00e9t\u00e9 WeNow, sp\u00e9cialiste de la gestion des projets\nCarbone pour le secteur automobile.<\/p>\n\n\n\n<p><strong>L\u2019objectif\nest certes d\u2019avoir une empreinte neutre mais aussi un suivi des projets\nfinanc\u00e9s dans le temps. <\/strong><\/p>\n\n\n\n<p class=\"has-text-color has-very-light-gray-color\">.<\/p>\n","protected":false},"excerpt":{"rendered":"<p>. . Face \u00e0 la pr\u00e9occupation grandissante li\u00e9e au r\u00e9chauffement climatique, l\u2019\u00e9quipage a d\u00e9cid\u00e9 d\u2019int\u00e9grer cette notion dans leur participation aux courses automobiles. Ainsi, l\u2019objectif a \u00e9t\u00e9 de compenser les \u00e9missions de CO2 de leur automobile mais aussi de leur assistance afin d\u2019obtenir une neutralit\u00e9 carbone de leur engagement.&nbsp; Limiter les changements climatiques et ses&hellip;<\/p>\n","protected":false},"author":1,"featured_media":0,"parent":0,"menu_order":0,"comment_status":"closed","ping_status":"closed","template":"","meta":{"footnotes":""},"class_list":["post-501","page","type-page","status-publish","hentry"],"_links":{"self":[{"href":"https:\/\/lesjoyeuxcoureurs.org\/index.php?rest_route=\/wp\/v2\/pages\/501","targetHints":{"allow":["GET"]}}],"collection":[{"href":"https:\/\/lesjoyeuxcoureurs.org\/index.php?rest_route=\/wp\/v2\/pages"}],"about":[{"href":"https:\/\/lesjoyeuxcoureurs.org\/index.php?rest_route=\/wp\/v2\/types\/page"}],"author":[{"embeddable":true,"href":"https:\/\/lesjoyeuxcoureurs.org\/index.php?rest_route=\/wp\/v2\/users\/1"}],"replies":[{"embeddable":true,"href":"https:\/\/lesjoyeuxcoureurs.org\/index.php?rest_route=%2Fwp%2Fv2%2Fcomments&post=501"}],"version-history":[{"count":25,"href":"https:\/\/lesjoyeuxcoureurs.org\/index.php?rest_route=\/wp\/v2\/pages\/501\/revisions"}],"predecessor-version":[{"id":565,"href":"https:\/\/lesjoyeuxcoureurs.org\/index.php?rest_route=\/wp\/v2\/pages\/501\/revisions\/565"}],"wp:attachment":[{"href":"https:\/\/lesjoyeuxcoureurs.org\/index.php?rest_route=%2Fwp%2Fv2%2Fmedia&parent=501"}],"curies":[{"name":"wp","href":"https:\/\/api.w.org\/{rel}","templated":true}]}}